{"id":4169,"date":"2019-12-23T10:16:25","date_gmt":"2019-12-23T09:16:25","guid":{"rendered":"https:\/\/2023.economicsofeducation.com\/en\/?page_id=4169"},"modified":"2026-04-21T12:42:42","modified_gmt":"2026-04-21T10:42:42","slug":"eninicio","status":"publish","type":"page","link":"https:\/\/2026.economicsofeducation.com\/es\/","title":{"rendered":"Inicio"},"content":{"rendered":"\r\n\n\t\t<!-- MasterSlider -->\n\t\t<div id=\"P_MS69f367ad1e983\" class=\"master-slider-parent ms-parent-id-11\"  >\n\n\t\t\t\n\t\t\t<!-- MasterSlider Main -->\n\t\t\t<div id=\"MS69f367ad1e983\" class=\"master-slider ms-skin-default\" >\n\t\t\t\t \t\t\t\t \n\t\t\t<div  class=\"ms-slide\" data-delay=\"3\" data-fill-mode=\"fill\"  style=\"background-color:#000000;\" >\n\t\t\t\t\t<img decoding=\"async\" src=\"https:\/\/2026.economicsofeducation.com\/wp-content\/plugins\/masterslider\/public\/assets\/css\/blank.gif\" alt=\"\" title=\"\" data-src=\"https:\/\/2026.economicsofeducation.com\/wp-content\/uploads\/imagen-fondo-web.webp\" \/>\n\n\t\t\t\t\t<div  class=\"ms-layer  msp-cn-11-40\" style=\"width:500px;\"   data-effect=\"t(true,n,-100,n,n,n,n,n,n,n,n,n,n,n,n)\" data-duration=\"675\"  data-ease=\"easeOutQuint\"                data-offset-x=\"8\" data-offset-y=\"-167\" data-origin=\"mc\" data-position=\"normal\"  >\n<div><div>XXXIV Meeting<\/div><\/div><\/div>\n\n\t\t\t\t\t<div  class=\"ms-layer  msp-cn-11-41\" style=\"width:1106px;\"   data-effect=\"t(true,n,n,-1500,n,n,n,n,n,n,n,n,n,n,n)\" data-duration=\"612\" data-delay=\"550\" data-ease=\"easeOutQuint\"                data-offset-x=\"73\" data-offset-y=\"-103\" data-origin=\"mc\" data-position=\"normal\"  >\n<span style=\"color: #ffffff;\">ECONOMICS OF EDUCATION ASSOCIATION<\/span><\/div>\n\n\t\t\t\t\t<div  class=\"ms-layer  msp-cn-11-43\" style=\"\"   data-effect=\"t(true,n,n,500,n,n,n,n,n,n,n,n,n,n,n)\" data-duration=\"600\" data-delay=\"850\" data-ease=\"easeOutQuint\"                data-offset-x=\"0\" data-offset-y=\"-24\" data-origin=\"mc\" data-position=\"normal\"  >\n<div><div><span style=\"color: #ffffff;\">Logro\u00f1o, La Rioja, Spain<\/span><\/div><\/div><\/div>\n\n\t\t\t\t\t<div  class=\"ms-layer fechas-slider-portada msp-cn-11-42\" style=\"width:1000px;\"   data-effect=\"t(true,n,n,500,n,n,n,n,n,n,n,n,n,n,n)\" data-duration=\"662\" data-delay=\"1862\" data-ease=\"easeOutQuint\"                data-offset-x=\"2\" data-offset-y=\"164\" data-origin=\"bc\" data-position=\"normal\"  >\n<span style=\"color: #ffffff;\">8-9 July, 2026<\/span><\/div>\n\n\t\t\t\t\t<img decoding=\"async\"  class=\"ms-layer\" src=\"https:\/\/2026.economicsofeducation.com\/wp-content\/plugins\/masterslider\/public\/assets\/css\/blank.gif\" data-src=\"https:\/\/2026.economicsofeducation.com\/wp-content\/uploads\/Logo-transparente-AEDE.png\" alt=\"\" style=\"\"     data-ease=\"easeOutQuint\"        data-type=\"image\"          data-offset-x=\"859\" data-offset-y=\"295\" data-origin=\"tl\" data-position=\"normal\" \/>\n\n\t\t\t\t\t<img decoding=\"async\"  class=\"ms-layer\" src=\"https:\/\/2026.economicsofeducation.com\/wp-content\/plugins\/masterslider\/public\/assets\/css\/blank.gif\" data-src=\"https:\/\/2026.economicsofeducation.com\/wp-content\/uploads\/logos-2.png\" alt=\"\" style=\"width:296px;\"     data-ease=\"easeOutQuint\"        data-type=\"image\"          data-offset-x=\"0\" data-offset-y=\"296\" data-origin=\"tl\" data-position=\"normal\" \/>\n\n\t\t\t\t\t<img decoding=\"async\"  class=\"ms-layer\" src=\"https:\/\/2026.economicsofeducation.com\/wp-content\/plugins\/masterslider\/public\/assets\/css\/blank.gif\" data-src=\"https:\/\/2026.economicsofeducation.com\/wp-content\/uploads\/LOGO2-scaled.webp\" alt=\"\" style=\"width:355px;\"     data-ease=\"easeOutQuint\"        data-type=\"image\"          data-offset-x=\"825\" data-offset-y=\"409\" data-origin=\"tl\" data-position=\"normal\" \/>\n\n\t\t\t\t\t<img decoding=\"async\"  class=\"ms-layer\" src=\"https:\/\/2026.economicsofeducation.com\/wp-content\/plugins\/masterslider\/public\/assets\/css\/blank.gif\" data-src=\"https:\/\/2026.economicsofeducation.com\/wp-content\/uploads\/LOGO1-scaled.webp\" alt=\"\" style=\"width:300px;\"     data-ease=\"easeOutQuint\"        data-type=\"image\"          data-offset-x=\"0\" data-offset-y=\"399\" data-origin=\"tl\" data-position=\"normal\" \/>\n\n\n\t\t\t\t<\/div>\n\n\t\t\t<\/div>\n\t\t\t<!-- END MasterSlider Main -->\n\n\t\t\t \n\t\t<\/div>\n\t\t<!-- END MasterSlider -->\n\n\t\t<script>\n\t\t( window.MSReady = window.MSReady || [] ).push( function( $ ) {\n\n\t\t\t\"use strict\";\n\t\t\tvar masterslider_e983 = new MasterSlider();\n\n\t\t\t\/\/ slider controls\n\t\t\t\/\/ slider setup\n\t\t\tmasterslider_e983.setup(\"MS69f367ad1e983\", {\n\t\t\t\twidth           : 1180,\n\t\t\t\theight          : 495,\n\t\t\t\tminHeight       : 700,\n\t\t\t\tspace           : 0,\n\t\t\t\tstart           : 1,\n\t\t\t\tgrabCursor      : true,\n\t\t\t\tswipe           : true,\n\t\t\t\tmouse           : false,\n\t\t\t\tkeyboard        : false,\n\t\t\t\tlayout          : \"fullwidth\",\n\t\t\t\twheel           : false,\n\t\t\t\tautoplay        : false,\n                instantStartLayers:false,\n\t\t\t\tmobileBGVideo:false,\n\t\t\t\tloop            : true,\n\t\t\t\tshuffle         : false,\n\t\t\t\tpreload         : 0,\n\t\t\t\theightLimit     : true,\n\t\t\t\tautoHeight      : false,\n\t\t\t\tsmoothHeight    : true,\n\t\t\t\tendPause        : false,\n\t\t\t\toverPause       : true,\n\t\t\t\tfillMode        : \"fill\",\n\t\t\t\tcenterControls  : true,\n\t\t\t\tstartOnAppear   : false,\n\t\t\t\tlayersMode      : \"center\",\n\t\t\t\tautofillTarget  : \"\",\n\t\t\t\thideLayers      : false,\n\t\t\t\tfullscreenMargin: 0,\n\t\t\t\tspeed           : 6,\n\t\t\t\tdir             : \"h\",\n\t\t\t\tparallaxMode    : 'swipe',\n\t\t\t\tview            : \"wave\"\n\t\t\t});\n\n\t\t\t\t\t\tMSScrollParallax.setup( masterslider_e983, 30, 50, true );\n\t\t\t$(\"head\").append( \"<link rel='stylesheet' id='ms-fonts'  href='\/\/fonts.googleapis.com\/css?family=Raleway:800,900' type='text\/css' media='all' \/>\" );\n\n\t\t\twindow.masterslider_instances = window.masterslider_instances || [];\n\t\t\twindow.masterslider_instances.push( masterslider_e983 );\n\t\t});\n\t\t<\/script>\n\n\r\n\r\n<p><style>\r\n.gdlr-styled-box-body.with-head a {\r\n    color: #fff;\r\n    text-decoration: underline;\r\n}\r\n.gdlr-color-wrapper.gdlr-show-all.no-skin {\r\n    padding: 0 !important;\r\n}\r\n\r\n<\/style><\/p>\r\n<div class=\"with-sidebar-wrapper gdlr-type-no-sidebar\">\r\n<section id=\"content-section-1\">\r\n<div id=\"gdlr-parallax-wrapper-1\" class=\"gdlr-parallax-wrapper gdlr-background-image  \">\r\n<div class=\"gdlr-styled-box-item-ux gdlr-ux\">\r\n<div class=\"gdlr-item gdlr-styled-box-item\">\r\n<div class=\"gdlr-styled-box-head-wrapper\">Desde 1992 se vienen celebrando anualmente las <strong>Jornadas de Econom\u00eda de la Educaci\u00f3n<\/strong>\u00a0bajo la direcci\u00f3n de la\u00a0<strong>Asociaci\u00f3n de Econom\u00eda de la Educaci\u00f3n (AEDE)<\/strong>. En 2026, la 34\u00ba edici\u00f3n se celebrar\u00e1 en Logro\u00f1o, La Rioja.<\/div>\r\n<div class=\"gdlr-styled-box-head-wrapper\"><br \/>Las Jornadas incluir\u00e1n, entre otros, espacios para la reflexi\u00f3n y el debate sobre la financiaci\u00f3n de la educaci\u00f3n, su planificaci\u00f3n y gesti\u00f3n, problemas de equidad y eficiencia, capital humano y crecimiento econ\u00f3mico o indicadores de calidad educativa. Las XXXIII Jornadas contar\u00e1n con reconocidos expertos nacionales e internacionales que abordar\u00e1n desde diferentes puntos de vista el papel de la educaci\u00f3n en la vida econ\u00f3mica y social.<br \/><br \/>Al inter\u00e9s acad\u00e9mico del encuentro se une el compromiso de los organizadores en transferir a la sociedad y a los gestores p\u00fablicos las principales reflexiones y resultados que en materia de educaci\u00f3n se deducen de las comunicaciones y debates de estas Jornadas. Nuestro objetivo final es mejorar el conocimiento de la educaci\u00f3n y orientar las pol\u00edticas educativas en todos sus \u00e1mbitos.<\/div>\r\n<\/div>\r\n<\/div>\r\n<\/div>\r\n<\/section>\r\n<!-- \/wp:post-content -->\r\n\r\n<!-- wp:columns -->\r\n<div class=\"wp-block-columns has-2-columns\">\r\n<div class=\"wp-block-column\">\r\n<div class=\"gdlr-ux column-service-ux\" style=\"opacity: 1; padding-top: 0px; margin-bottom: 0px;\">\r\n<div class=\"gdlr-item gdlr-column-service-item gdlr-type-1\">\r\n<div class=\"column-service-content-wrapper\">\r\n<h3 class=\"column-service-title\"><a href=\"https:\/\/2026.economicsofeducation.com\/es\/registration\/\">Inscripci\u00f3n jornadas<\/a><\/h3>\r\n<div class=\"column-service-content gdlr-skin-content\">\r\n<p>La inscripci\u00f3n a las\u00a0<strong>Jornadas de la Asociaci\u00f3n de la Econom\u00eda de la Educaci\u00f3n\u00a0<\/strong>incluye la asistencia a las secciones cient\u00edficas, el material de las jornadas, el certificado de asistencia, comidas y pausas para el caf\u00e9, y asistencia gratuita al Taller de Machine Learning.<\/p>\r\n<\/div>\r\n<\/div>\r\n<\/div>\r\n<\/div>\r\n<\/div>\r\n<div class=\"wp-block-column\">\r\n<div class=\"gdlr-ux column-service-ux\" style=\"opacity: 1; padding-top: 0px; margin-bottom: 0px;\">\r\n<div class=\"gdlr-item gdlr-column-service-item gdlr-type-1\">\r\n<div class=\"column-service-content-wrapper\">\r\n<h3 class=\"column-service-title\"><a href=\"https:\/\/2026.economicsofeducation.com\/es\/call-for-papers\/\">Comunicaciones<\/a><\/h3>\r\n<div class=\"column-service-content gdlr-skin-content\">\r\n<p>Env\u00eda tus comunicaciones aplicadas o te\u00f3ricas sobre cualquier aspecto relacionado con la Econom\u00eda de la Educaci\u00f3n.<\/p>\r\n<\/div>\r\n<\/div>\r\n<\/div>\r\n<\/div>\r\n<\/div>\r\n<\/div>\r\n<!-- \/wp:columns -->\r\n\r\n<!-- wp:html -->\r\n<div class=\"gdlr-color-wrapper   \" style=\"background-color: #ffffff;\">\r\n<div class=\"container\">\r\n<div class=\"eight columns\">\r\n<div class=\"gdlr-stunning-text-ux gdlr-ux\" style=\"opacity: 1; padding-top: 0px; margin-bottom: 0px;\">\r\n<div class=\"gdlr-item gdlr-stunning-text-item type-normal\">\r\n<h2 class=\"stunning-text-title\">Fechas<\/h2>\r\n<p><strong>Env\u00edo de res\u00famenes, comunicaciones y publicaci\u00f3n del programa:<\/strong><\/p>\r\n<ul>\r\n<li>Apertura plazo env\u00edo comunicaciones en l\u00ednea: 1 de febrero de 2026<\/li>\r\n<li>Fecha l\u00edmite env\u00edo comunicaciones: 8 de marzo de 2026<\/li>\r\n<li>Notificaci\u00f3n sobre decisi\u00f3n de comunicaciones: 7 de abril de 2026<\/li>\r\n<li><strong>IMPORTANTE: Si no ha recibido una comunicaci\u00f3n de AEDE respecto a la aceptaci\u00f3n de la comunicaci\u00f3n el 7 de abril, por favor, escribanos al siguiente correo electr\u00f3nico: meeting@economicsofeducation.com<\/strong><\/li>\r\n<\/ul>\r\n<p><strong>Inscripci\u00f3n:<\/strong><\/p>\r\n<ul>\r\n<li>Apertura inscripci\u00f3n en l\u00ednea: 8 de abril de 2026<\/li>\r\n<li>Fecha l\u00edmite inscripci\u00f3n con cuota reducida: 3 de junio de 2026<\/li>\r\n<li>Fecha l\u00edmite inscripci\u00f3n (con comunicaci\u00f3n): 17 de junio de 2026<\/li>\r\n<li>Fecha l\u00edmite inscripci\u00f3n (sin comunicaci\u00f3n): 24 de junio de 2026<\/li>\r\n<\/ul>\r\n<p><strong>Jornadas (7 &#8211; 9 Julio de 2026):<\/strong><\/p>\r\n<ul>\r\n<li>Curso \u00abTaller Machine Learning\u00bb: 7 de julio, , 17:00 &#8211; 20:30<\/li>\r\n<li>Comunicaciones: 8 y 9 de julio<\/li>\r\n<\/ul>\r\n<\/div>\r\n<\/div>\r\n<\/div>\r\n<\/div>\r\n<\/div>\r\n<!-- \/wp:html --><\/div>","protected":false},"excerpt":{"rendered":"<p>Desde 1992 se vienen celebrando anualmente las Jornadas de Econom\u00eda de la Educaci\u00f3n\u00a0bajo la direcci\u00f3n de la\u00a0Asociaci\u00f3n de Econom\u00eda de la Educaci\u00f3n (AEDE). En 2026, la 34\u00ba edici\u00f3n se celebrar\u00e1 en Logro\u00f1o, La Rioja. Las Jornadas incluir\u00e1n, entre otros, espacios para la reflexi\u00f3n y el debate sobre la financiaci\u00f3n de la educaci\u00f3n, su planificaci\u00f3n y&#8230; <\/p>\n<div class=\"clear\"><\/div>\n<p><a href=\"https:\/\/2026.economicsofeducation.com\/es\/\" class=\"gdlr-info-font excerpt-read-more\">Read More<\/a><\/p>\n","protected":false},"author":418,"featured_media":0,"parent":0,"menu_order":0,"comment_status":"closed","ping_status":"closed","template":"","meta":{"footnotes":""},"class_list":["post-4169","page","type-page","status-publish","hentry"],"_links":{"self":[{"href":"https:\/\/2026.economicsofeducation.com\/es\/wp-json\/wp\/v2\/pages\/4169","targetHints":{"allow":["GET"]}}],"collection":[{"href":"https:\/\/2026.economicsofeducation.com\/es\/wp-json\/wp\/v2\/pages"}],"about":[{"href":"https:\/\/2026.economicsofeducation.com\/es\/wp-json\/wp\/v2\/types\/page"}],"author":[{"embeddable":true,"href":"https:\/\/2026.economicsofeducation.com\/es\/wp-json\/wp\/v2\/users\/418"}],"replies":[{"embeddable":true,"href":"https:\/\/2026.economicsofeducation.com\/es\/wp-json\/wp\/v2\/comments?post=4169"}],"version-history":[{"count":13,"href":"https:\/\/2026.economicsofeducation.com\/es\/wp-json\/wp\/v2\/pages\/4169\/revisions"}],"predecessor-version":[{"id":5746,"href":"https:\/\/2026.economicsofeducation.com\/es\/wp-json\/wp\/v2\/pages\/4169\/revisions\/5746"}],"wp:attachment":[{"href":"https:\/\/2026.economicsofeducation.com\/es\/wp-json\/wp\/v2\/media?parent=4169"}],"curies":[{"name":"wp","href":"https:\/\/api.w.org\/{rel}","templated":true}]}}