{"id":37,"date":"2009-11-27T02:02:31","date_gmt":"2009-11-27T01:02:31","guid":{"rendered":"http:\/\/2019.economicsofeducation.com\/en\/?page_id=37"},"modified":"2026-01-20T11:29:40","modified_gmt":"2026-01-20T10:29:40","slug":"registration","status":"publish","type":"page","link":"https:\/\/2026.economicsofeducation.com\/es\/registration\/","title":{"rendered":"Inscripciones"},"content":{"rendered":"\r\n<h2 class=\"wp-block-heading\">\u00a0<\/h2>\r\n<h2><strong>Cuotas de inscripci\u00f3n<\/strong><\/h2>\r\n<table class=\"wp-block-table demo is-style-stripes\">\r\n<tbody>\r\n<tr>\r\n<th>\u00a0<\/th>\r\n<th><br \/><strong>Hasta el 8\/06\/2026<\/strong><\/th>\r\n<th><strong>Del 9\/06\/2026\u00a0<\/strong><br \/><strong>al 29\/06\/2025<\/strong><\/th>\r\n<\/tr>\r\n<tr>\r\n<td>Socio de AEDE<!--<span--><\/td>\r\n<td><strong>220 \u20ac<\/strong><\/td>\r\n<td><strong>270 \u20ac<\/strong><\/td>\r\n<\/tr>\r\n<tr>\r\n<td>No socio de AEDE<\/td>\r\n<td><strong>280 \u20ac<\/strong><\/td>\r\n<td><strong>330 \u20ac<\/strong><\/td>\r\n<\/tr>\r\n<tr>\r\n<td>Estudiante socio de AEDE o estudiante de la universidad organizadora<\/td>\r\n<td><strong>150 \u20ac<\/strong><\/td>\r\n<td><strong>200 \u20ac<\/strong><\/td>\r\n<\/tr>\r\n<tr>\r\n<td>Estudiante no socio de AEDE<\/td>\r\n<td><strong>210 \u20ac<\/strong><\/td>\r\n<td><strong>260 \u20ac<\/strong><\/td>\r\n<\/tr>\r\n<tr>\r\n<td>Acompa\u00f1ante<\/td>\r\n<td><strong>120 \u20ac<\/strong><\/td>\r\n<td><strong>130 \u20ac<\/strong><\/td>\r\n<\/tr>\r\n<tr>\r\n<td>Personal del Instituto de Estudios Fiscales (IEF) y miembros del INEE<\/td>\r\n<td><strong>gratuito<\/strong><\/td>\r\n<td><strong>gratuito<\/strong><\/td>\r\n<\/tr>\r\n<tr>\r\n<td>Cena de gala<\/td>\r\n<td><strong>+50\u20ac<\/strong><\/td>\r\n<td><strong>+50\u20ac<\/strong><\/td>\r\n<\/tr>\r\n<\/tbody>\r\n<\/table>\r\n<p>\r\n\r\n<\/p>\r\n<p>La inscripci\u00f3n a las Jornadas de la Asociaci\u00f3n de Econom\u00eda de la Educaci\u00f3n incluye la asistencia a las sesiones cient\u00edficas, el material de las Jornadas y el certificado de asistencia.<\/p>\r\n\r\n\r\n\r\n\r\n\r\n<p>La cuota como estudiante exige estar matriculado en un grado, m\u00e1ster oficial o programa de doctorado. Se deber\u00e1 facilitar fotocopia de la matr\u00edcula de estos estudios.<\/p>\r\n<p>En la factura se incluir\u00e1 el importe de la cena de gala.<\/p>\r\n\r\n\r\n\r\n\r\n\r\n\r\n\r\n<p>La inscripci\u00f3n se podr\u00e1 realizar online a partir del 8 de abril de 2026. Para acceder a la inscripci\u00f3n online siga el siguiente <a href=\"https:\/\/gestor.economicsofeducation.com\/panel\">enlace<\/a>.<\/p>\r\n\r\n\r\n\r\n<p style=\"text-align: center;\">\u00a0<\/p>\r\n\r\n\r\n\r\n<p><strong>Pol\u00edtica de cancelaci\u00f3n y reembolso<\/strong><\/p>\r\n\r\n\r\n\r\n<p>AEDE no realizar\u00e1 reembolsos bajo ninguna circunstancia.<\/p>\r\n","protected":false},"excerpt":{"rendered":"<p>\u00a0 Cuotas de inscripci\u00f3n \u00a0 Hasta el 8\/06\/2026 Del 9\/06\/2026\u00a0al 29\/06\/2025 Socio de AEDE 220 \u20ac 270 \u20ac No socio de AEDE 280 \u20ac 330 \u20ac Estudiante socio de AEDE o estudiante de la universidad organizadora 150 \u20ac 200 \u20ac Estudiante no socio de AEDE 210 \u20ac 260 \u20ac Acompa\u00f1ante 120 \u20ac 130 \u20ac Personal&#8230; <\/p>\n<div class=\"clear\"><\/div>\n<p><a href=\"https:\/\/2026.economicsofeducation.com\/es\/registration\/\" class=\"gdlr-info-font excerpt-read-more\">Read More<\/a><\/p>\n","protected":false},"author":421,"featured_media":0,"parent":0,"menu_order":70,"comment_status":"closed","ping_status":"closed","template":"","meta":{"footnotes":""},"class_list":["post-37","page","type-page","status-publish","hentry"],"_links":{"self":[{"href":"https:\/\/2026.economicsofeducation.com\/es\/wp-json\/wp\/v2\/pages\/37","targetHints":{"allow":["GET"]}}],"collection":[{"href":"https:\/\/2026.economicsofeducation.com\/es\/wp-json\/wp\/v2\/pages"}],"about":[{"href":"https:\/\/2026.economicsofeducation.com\/es\/wp-json\/wp\/v2\/types\/page"}],"author":[{"embeddable":true,"href":"https:\/\/2026.economicsofeducation.com\/es\/wp-json\/wp\/v2\/users\/421"}],"replies":[{"embeddable":true,"href":"https:\/\/2026.economicsofeducation.com\/es\/wp-json\/wp\/v2\/comments?post=37"}],"version-history":[{"count":13,"href":"https:\/\/2026.economicsofeducation.com\/es\/wp-json\/wp\/v2\/pages\/37\/revisions"}],"predecessor-version":[{"id":5692,"href":"https:\/\/2026.economicsofeducation.com\/es\/wp-json\/wp\/v2\/pages\/37\/revisions\/5692"}],"wp:attachment":[{"href":"https:\/\/2026.economicsofeducation.com\/es\/wp-json\/wp\/v2\/media?parent=37"}],"curies":[{"name":"wp","href":"https:\/\/api.w.org\/{rel}","templated":true}]}}